{"version":"1.0","provider_name":"EZ... az \u00e9letem ;)","provider_url":"https:\/\/ezazeletem.cafeblog.hu","author_name":"Paula","author_url":"https:\/\/ezazeletem.cafeblog.hu\/author\/paula\/","title":"P\u00e1nik","html":"<p>L\u00e1nyomnak az a p\u00e9nteki k\u00e9rd\u00e9se, hogy mikor fogunk m\u00e1r elv\u00e1lni ap\u00e1t\u00f3l, nagyon kiz\u00f6kkentett. NAGYON. Bep\u00e1nikoltam t\u0151le. Este megint picsogtam a f\u00fcrd\u0151szob\u00e1ban, szombaton reggelre sem m\u00falt el. A francba mindennel, hogy lehetek ennyire tehetetlen???!!! Szombat reggel bev\u00e1s\u00e1rl\u00e1s. Ahogy a piac fel\u00e9 karik\u00e1ztam egyszer\u0171en csak elkezdtek folyni a k\u00f6nnyeim. Nem tudtam lenyugtatni magamat. Szerencs\u00e9re volt napszem\u00fcvegem, de akkor is... 1 sz\u00e1l zsepi volt n\u00e1lam, 2 orrf\u00faj\u00e1sb\u00f3l tele lett, haszn\u00e1lhatatlan.. Na EZ tartott vissza csak att\u00f3l, hogy ott az utc\u00e1n, az emberek k\u00f6z\u00f6tt, a forgalomban, ne kezdjek el zokogni. Egyed\u00fcl vagyok, emberek k\u00f6r\u00fcl\u00f6ttem, mindenki besz\u00e9lget, mosolyog, nevetve \u00fcdv\u00f6zlik egym\u00e1st, \u00e9n meg EGYED\u00dcL a t\u00f6megben....<\/p>\r\n<p><a href=\"https:\/\/ezazeletem.cafeblog.hu\/files\/2015\/08\/alone-in-a-crowd-way-station-one-20055.jpg\"><img class=\"  wp-image-205 aligncenter\" src=\"https:\/\/ezazeletem.cafeblog.hu\/files\/2015\/08\/alone-in-a-crowd-way-station-one-20055-300x225.jpg\" alt=\"alone-in-a-crowd-way-station-one-20055\" width=\"500\" height=\"375\" \/><\/a><\/p>\r\n<p>Piac, r\u00e9g l\u00e1tott ismer\u0151s...<\/p>\r\n<p>-Szia! Hogy vagy? J\u00f3l l\u00e1tom? Lefogyt\u00e1l?\u00a0<\/p>\r\n<p>(m\u00e9ly leveg\u0151, KONCENTR\u00c1LJ!! NEM PICSOGSZ!! PIACON VAGY! )<\/p>\r\n<p>-Igen, egy kicsit.<\/p>\r\n<p>-Ne mondd m\u00e1r, hogy kicsit, egy \u00e9ve nem l\u00e1ttalak, te azt\u00e1n j\u00f3csk\u00e1n leadt\u00e1l a kil\u00f3kb\u00f3l!<\/p>\r\n<p>-\u00c9s ti hogy vagytok? Gyerekek?...<\/p>\r\n<p>(Nan\u00e1, hogy megl\u00e1tszik rajtam a 12 kil\u00f3 m\u00ednusz, h\u00e1t el\u0151tte \u00e1tlagos anyuka-testalkat\u00fa voltam, j\u00f3 kerek pop\u00f3 :) , kis \u00fasz\u00f3gumi, minden ami egy anyuk\u00e1nak ott van :) \u00a0)<\/p>\r\n<p>Alig v\u00e1rtam, hogy megszabaduljak ismer\u0151s\u00f6mt\u0151l. Most m\u00e1r mindenki err\u0151l fog velem besz\u00e9lni???<\/p>\r\n<p>(\u00c9s mennyi id\u0151nek kell m\u00e9g eltelnie ahhoz, hogy kider\u00fclj\u00f6n, mi\u00e9rt is fogyok ennyire, akkor legal\u00e1bb diszkr\u00e9tebbek lesznek a t\u00e9m\u00e1val?? Igen, le szerettem volna fogyni egy kicsit m\u00e1r r\u00e9g\u00f3ta, de kb csak 5 kil\u00f3t!! \u00a0az volt az ide\u00e1lis szerintem, amikor m\u00e9g minden m\u00e9ret megmarad, nem kell a ruhat\u00e1rat cser\u00e9lni. De most?? Mi lesz ennek a v\u00e9ge? Vagy mikor lesz v\u00e9ge? 2 napig pr\u00f3b\u00e1ltam, zab\u00e1ltam csipszet, ettem nutell\u00e1s kenyeret, t\u00f6bbsz\u00f6r naponta, este 11-kor szendvicset, meg mindenf\u00e9le marad\u00e9kokat a gyerekekt\u0151l.. M\u00e9rleg felment 60 fel\u00e9. 2 napig nem is m\u00e9rtem magamat ezut\u00e1n. Ma reggel, megint... 58!!! )<\/p>\r\n<p>K\u00f6nnyeimet diszkr\u00e9ten t\u00f6r\u00f6lgetve \u00f6sszekapkodtam mindent ami kellett a piacr\u00f3l \u00e9s uzsgyi haza.. picsogni...<\/p>\r\n<p>Szerencs\u00e9re F csak eb\u00e9delni j\u00f6tt haza, azt\u00e1n valamikor hajnalban \u00e9rkezett, addigra m\u00e1r aludtunk.<\/p>\r\n<p>Annyira laza napunk volt, hogy csak na. De a fejemben ott motoszk\u00e1lt a gondolat... Nem igaz, hogy mindig ut\u00f3lag hallom meg, hogy kerestek valahova munk\u00e1st... Nem igaz, hogy eddig m\u00e9g sehova sem h\u00edvtak vissza m\u00e9g besz\u00e9lget\u00e9sre sem... Semmilyen visszajelz\u00e9s.. Nem igaz, hogy erre a f..fejre vagyok r\u00e1szorulva, hogy t\u0151le f\u00fcgg\u00f6k, a gyerekek is, mindannyian...<\/p>\r\n<p>Nem igaz, hogy a Kar\u00e1csonyt ebben az \u00e1tkozott h\u00e1zban kell majd t\u00f6ltenem, fel kell majd tennem a vigyorg\u00f3-gumimaszkomat, \u00e9s j\u00f3kedvet tettetni, amikor legsz\u00edvesebben ki\u00e1lln\u00e9k az utca k\u00f6zep\u00e9re \u00e9s azt ord\u00edtan\u00e1m, hogy kinek kell ez a sz\u00ednj\u00e1t\u00e9k?? Kinek akarjuk azt mutatni, hogy mi vagyunk a nagy boldog csal\u00e1d??? Ez a b\u0151vebb csal\u00e1dra is vonatkozik!! Any\u00f3som\u00e9k er\u0151ltetik a nagy egy\u00fcttl\u00e9teket, nagy \u00fcnnepl\u00e9seket, k\u00f6zben meg \u00fagy ahogy vagyunk leszarjuk egym\u00e1st s\u00f3gor\u00e9kkal. Ahogy \u0151k nem b\u00edrnak benn\u00fcnket, \u00fagy mi sem b\u00edrjuk \u0151ket elviselni!! Meg a neveletlen kis hisztis csemet\u00e9j\u00fcket!! Plusz m\u00e9g hozz\u00e1j\u00f6n ehhez az is, hogy mi n\u00e9gyen sem vagyunk j\u00f3l, sz\u00f3val ... Szar a szarban. M\u00e1r eln\u00e9z\u00e9st a kifejez\u00e9sek\u00e9rt!!! Ha any\u00f3som\u00e9k nem er\u0151ltetn\u00e9k, szerintem max k\u00f6sz\u00f6n\u0151viszonyban lenn\u00e9nk vel\u00fck...<\/p>\r\n<p>\u00c9s nem el\u00e9g, hogy \u00e9n magamban k\u00fcszk\u00f6d\u00f6k ezekkel a bajaimmal, pr\u00f3b\u00e1lok t\u00fall\u00e9pni, pr\u00f3b\u00e1lok egyenesbe j\u00f6nni egyszer m\u00e1r, pr\u00f3b\u00e1lok egy olyan napot \u00f6sszehozni, amikor nem kell att\u00f3l f\u00e9lnem, hogy F megl\u00e1tja, hogy sms-ezek valakivel (bar\u00e1tn\u0151k!!!), vagy ne adj Isten r\u00e1tal\u00e1l a blogomra (amikor csak hallom, hogy aut\u00f3 j\u00f6n be a mi kis utc\u00e1nkba, m\u00e1r lesem, hogy ki az! mert akkor gyorsan kell \u00e1m lecsukni, kijelentkezni, kikapcsolni mindent!!!) - erre j\u00f6n a 11 \u00e9ves l\u00e1nyom, aki m\u00e1r ALIG V\u00c1RJA, hogy elhagyjuk ap\u00e1t.<\/p>\r\n<p><a href=\"https:\/\/ezazeletem.cafeblog.hu\/files\/2015\/08\/let\u00f6lt\u00e9s4.jpg\"><img class=\"  wp-image-206 aligncenter\" src=\"https:\/\/ezazeletem.cafeblog.hu\/files\/2015\/08\/let\u00f6lt\u00e9s4.jpg\" alt=\"let\u00f6lt\u00e9s\" width=\"345\" height=\"345\" \/><\/a><\/p>\r\n<p>Lehet, hogy csak kamaszkori l\u00e1zad\u00e1s apa ellen? Nem tudom.. Nagyon a pubert\u00e1s elej\u00e9n vagyunk m\u00e9g, rengeteget besz\u00e9lgetek vele, pr\u00f3b\u00e1lom magam mellett tartani, hogy tudja, r\u00e1m mindig sz\u00e1m\u00edthat. De ez az apa dolog... Nem tudom. Nagyon sok mindenen meg van s\u00e9rt\u0151dve, nagyon sok minden nyomja a lelk\u00e9t, amit nem velem, hanem az apj\u00e1val k\u00e9ne letiszt\u00e1zni. Mert F-et nem \u00e9rdeklik a lelki dolgok. \u0150t nem \u00e9rdekli, ha megb\u00e1nt valakit, h\u00e1t p\u00e1r nap m\u00falva \u00fagyis el lesz felejtve... Igen, az \u0151 fej\u00e9b\u0151l kimegy, de mi n\u0151k m\u00e1sk\u00e9pp m\u0171k\u00f6d\u00fcnk. \u00c9ppen ez\u00e9rt is van, hogy kap\u00e1sb\u00f3l 10 dolgot felsorolt amivel apa megb\u00e1ntotta \u0151t az ut\u00f3bbi id\u0151ben. \u00c9s amit NEM TUD megbocs\u00e1tani neki!!! Esk\u00fcsz\u00f6m, ezt mondta.<\/p>\r\n<p>Mi mehet v\u00e9gbe az \u0151 kis lelk\u00e9ben?? M\u00e1r arra gondoltam, lehet meg sem kellett volna neki mondani a tervemet, hogy elhagyjuk ap\u00e1t. De az is benne van a pakliban, hogy F b\u00e1rmikor elkezdheti \u00fajra az \u0151rj\u00f6ng\u00e9st. Kisz\u00e1m\u00edthatalan. Ha megint sz\u00f6kni kell otthonr\u00f3l, akkor az m\u00e1r v\u00e9gleges lesz. Ha megint \u00fagy \u00e9rzem, k\u00e9pes lenne kezet emelni r\u00e1m, nem j\u00f6v\u00f6k t\u00f6bbet vissza. Na <strong>ez\u00e9rt<\/strong> mondtam el a gyerekeknek. Hogy ne akkor sokkolja \u0151ket m\u00e9g ez a h\u00edr is, amikor m\u00e1r \u00fagyis sokkban lesznek!!!\u00a0<\/p>\r\n<p>A p\u00e9nteki k\u00e9rd\u00e9se ut\u00e1n kattogni kezdett az agyam.. H\u00c1THA el tudn\u00e1nk menni Kar\u00e1csonyig... H\u00c1THA kapok j\u00f3 munk\u00e1t, h\u00e1tha ki tudok b\u00e9relni egy j\u00f3 kis lak\u00e1st.... t\u00fal sok h\u00e1tha..<\/p>\r\n<p>Este felh\u00edvtam bar\u00e1tn\u0151met, akinek k\u00fclf\u00f6ld\u00f6n a f\u00e9rje, szombat este is r\u00e1\u00e9r telefonon csever\u00e9szni :) .. na \u0151 lesz\u00e1ll\u00edtott\u00a0vissza a f\u00f6ldre .V\u00e1rjam ki a tavaszt, ne kapkodjak.. Ok\u00e9, kib\u00e9relek lak\u00e1st, mib\u0151l fogom a f\u0171t\u00e9st megoldani?? \u00c9s m\u00e9g hol van a t\u00f6bbi?? Nem sz\u00e1m\u00edthatok F j\u00f3sz\u00e1nd\u00e9k\u00e1ra, amikor bejelentem, hogy elmegy\u00fcnk. Nem sz\u00e1m\u00edthatok arra, hogy majd azt viszek el otthonr\u00f3l, amit \u00e9n kiv\u00e1logatok.. lehet semmit sem fog adni.\u00a0<\/p>\r\n<p>Igaza van. De a legborzaszt\u00f3bb az, hogy mindezeket \u00e9n mondtam el \u0151neki kb 2 hete!!! Hogy a legrosszabbra sz\u00e1m\u00edtok, hogy nem kapok semmit. Azt\u00e1n ha m\u00e9gis, akkor az csak j\u00f3 lesz.\u00a0<\/p>\r\n<p>Viszont most tiszt\u00e1ra be voltam p\u00e1nikolva l\u00e1nyom kijelent\u00e9se miatt. Komolyan mondom. Legsz\u00edvesebben m\u00e9g szombaton fogtam volna magamat \u00e9s \u00f6sszeszedem a kis moty\u00f3nkat \u00e9s EL OTTHONR\u00d3L!! EL, B\u00c1RHOVA, CSAK EL ABB\u00d3L AZ \u00c1TKOZOTT H\u00c1ZB\u00d3L!!!\u00a0<\/p>\r\n<p>Azt m\u00e9g el tudom viselni, ha nekem rossz. Azzal m\u00e9g megbirk\u00f3zom valahogy. De most kett\u0151nk baj\u00e1val kell birk\u00f3zni, hiszen a saj\u00e1t gyermekem is szenved...\u00a0<\/p>\r\n<p style=\"text-align: center\"><strong>\u00c9S NEM TUDOK RAJTA SEG\u00cdTENI!!! \u00a0<\/strong><\/p>\r\n<p>Nem tudom mennyit \u00e9s meddig kell m\u00e9g szenvedn\u00fcnk \u00edgy. Hi\u00e1ba nyugodt F a napokban, hi\u00e1ba nincs \u0151rj\u00f6ng\u00e9s, bennem ott a lapul a f\u00e9lelem, hogy b\u00e1rmelyik pillanatban kit\u00f6rhet bel\u0151le. Ok n\u00e9lk\u00fcl. Vagyis okkal -szerinte- amikor provok\u00e1lom... Amir\u0151l nem tudok, de elk\u00e9peszt\u0151 milyen t\u00e9vk\u00e9pzetek vannak a fej\u00e9ben. Hi\u00e1ba higgadt le kiss\u00e9 mostan\u00e1ban, nem tudom elengedni magam, nem b\u00edrom elviselni k\u00f6zels\u00e9g\u00e9t, f\u00e9lek t\u0151le. Minden tettem, minden d\u00f6nt\u00e9sem m\u00f6g\u00f6tt ott van, hogy vajon \u0151 mit fog ehhez sz\u00f3lni?? Nem tudok mir\u0151l besz\u00e9lni vele. F\u00e9lek, hogy olyan t\u00e9m\u00e1val hozakodom el\u0151, ami \u0151t felb\u0151sz\u00edti. \u00cdgy h\u00e1t ink\u00e1bb a hallgat\u00e1st v\u00e1lasztom. Err\u0151l sem tud, hogy mennyit szenvedek a munkakeres\u00e9s miatt. Nem mondok r\u00f3la semmit, mert nem akarom l\u00e1tni azt a k\u00e1r\u00f6rvend\u0151 pof\u00e1j\u00e1t, hogy m\u00e9g mindig semmi. Azt sem tudja h\u00e1ny helyre jelentkeztem. Nem szeretn\u00e9, ha dolgozni menn\u00e9k. Neki az a legbiztosabb, ha az \u00fczlet\u00fcnk \u00e9s az otthonunk k\u00f6z\u00f6tt ing\u00e1zom. Persze, mert \u00edgy a \"k\u00f6z\u00f6s\" keresetet \u0151 kezelheti... Ha pedig lenne saj\u00e1t fizet\u00e9sem, ahhoz nem lenne hozz\u00e1f\u00e9r\u00e9se. Nem f\u00fcggn\u00e9k t\u0151le.<\/p>\r\n<p>Rohadt neh\u00e9z, nagyon neh\u00e9z ez \u00edgy.\u00a0<\/p>\r\n<p>Persze, hogy kit\u00f6rt rajtam a p\u00e1nik, mert addig m\u00e9g azon nem gondolkoztam el, hogy a gyerekeknek mekkora trauma mindez. Persze, tudtam, hogy nem mindegy nekik. De \u00fagy <strong>igaz\u00e1b\u00f3l<\/strong>, \u00fagy t\u00e9nyleg nem \u00e9ltem \u00e1t az \u0151 helyzet\u00fcket. \u0150k nem vesznek r\u00e9szt a veszeked\u00e9sekben, csak l\u00e1tj\u00e1k \u00e9s hallj\u00e1k. R\u00e1juk nem kiab\u00e1l senki, csak a sz\u00fcleik egym\u00e1sra.\u00a0<\/p>\r\n<p><a href=\"https:\/\/ezazeletem.cafeblog.hu\/files\/2015\/07\/images9.jpg\"><img class=\"  wp-image-102 aligncenter\" src=\"https:\/\/ezazeletem.cafeblog.hu\/files\/2015\/07\/images9.jpg\" alt=\"images\" width=\"266\" height=\"288\" \/><\/a><\/p>\r\n<p>H\u00e1t p\u00e9ntek este fejbev\u00e1gott a val\u00f3s\u00e1g. Jobban szenvednek, mint azt b\u00e1rki el tudn\u00e1 k\u00e9pzelni.<\/p>\r\n<p>&nbsp;<\/p>","type":"rich","thumbnail_url":"https:\/\/ezazeletem.cafeblog.hu\/files\/2015\/08\/images-11-150x150.jpg","thumbnail_width":150,"thumbnail_height":150}