{"version":"1.0","provider_name":"EZ... az \u00e9letem ;)","provider_url":"https:\/\/ezazeletem.cafeblog.hu","author_name":"Paula","author_url":"https:\/\/ezazeletem.cafeblog.hu\/author\/paula\/","title":"Facebook miz\u00e9ria","html":"<p>Tegnap MEGINT \u0151rj\u00f6ng\u00e9s volt... Most m\u00e1r \u00e9ppen \u00e9rdekel h\u00e1ny bejegyz\u00e9st kezdtem m\u00e1r igy...\u00a0<\/p>\r\n<p>Tegnap anya dolgozott, apa itthon a gyerekekkel... Amig anya dolgozott, volt ideje n\u00e9zegetni a saj\u00e1t Facebook-profilj\u00e1t... Na most m\u00e1r \u00e1tv\u00e1ltok egyes sz\u00e1m els\u0151 szem\u00e9lyre... Sz\u00f3val n\u00e9zegettem a profilomat \u00e9s \u00fagy d\u00f6nt\u00f6ttem, a teljes n\u00e9vjegyemet csak az ismer\u0151seim sz\u00e1m\u00e1ra teszem l\u00e1that\u00f3v\u00e1. Eddig nyilv\u00e1nos volt. Az id\u0151vonalamon k\u00fcl\u00f6nben sem szoktam semmit nyilv\u00e1noss\u00e1g el\u00e9 kitenni, eseteleg csak a k\u00f6zeli bar\u00e1taimnak, vagy legink\u00e1bb, ahogy tegnap is irtam, MAGAMNAK.<\/p>\r\n<p>Ok\u00e9, ezt meg is csin\u00e1ltam. Este, megint olyan 10-11, alv\u00e1sid\u0151 k\u00f6r\u00fcl el\u0151j\u00f6n az \u00e9n kis F-em a t\u00e9lm\u00e1val....<\/p>\r\n<p>-MI\u00c9RT T\u00d6R\u00d6LTED KI A H\u00c1ZASS\u00c1GI \u00c9VFORDUL\u00d3NKAT???\u00a0<\/p>\r\n<p>\u00c9s akkor k\u00f6vetkezett a szok\u00e1sos oda-vissza, kit\u00f6r\u00f6lted nem t\u00f6r\u00f6ltem, hazudsz, nem hazudok... Gyerekek el\u0151tt. Mondom hagyd abba, nem most k\u00e9ne ezt igy megbesz\u00e9lni, k\u00fcld\u00f6m a kicsiket, menjenek a szob\u00e1jukba. Erre \u0151 : minek k\u00fcld\u00f6d, h\u00e1t tudj\u00e1k meg hogy milyen hazug anyjuk van!! L\u00e1nyom elment, fiam maradt, nem vettem \u00e9szre. Megy tov\u00e1bb a vita, hogy ki el\u0151tt titkolom a h\u00e1zass\u00e1gi \u00e9vfordul\u00f3t??!\u00a0<\/p>\r\n<p>-Szerinted KIT \u00c9RDEKEL a mi h\u00e1zass\u00e1gi \u00e9vfordul\u00f3nk?? H\u00e1t ha valamit konkr\u00e9tan ki akartam volna t\u00f6r\u00f6lni, akkor kit\u00f6rl\u00f6m azt, hogy a f\u00e9rjem vagy... De ez??? \u00c9s akkor is mondom NEM T\u00d6R\u00d6LTEM KI. Igen, n\u00e9zegettem a n\u00e9vjegyemet, de nem t\u00f6r\u00f6ltem.<\/p>\r\n<p>Nem hagyja abba...mert \u0151 kapott valami \u00e9rtesit\u00e9st angolul, irta benne, hogy ANNIVERSARY. Ezt a sz\u00f3t ismerte fel (gondolom) az \u00f6ssz k\u00f6z\u00fcl... \u00c9s hi\u00e1ba n\u00e9zem \u0151t h\u00fcly\u00e9nek (EZ IGAZ!\u00a0<a href=\"https:\/\/ezazeletem.cafeblog.hu\/files\/2015\/07\/let\u00f6lt\u00e9s4.jpg\"><img class=\"alignnone  wp-image-127\" src=\"https:\/\/ezazeletem.cafeblog.hu\/files\/2015\/07\/let\u00f6lt\u00e9s4.jpg\" alt=\"let\u00f6lt\u00e9s\" width=\"25\" height=\"25\" \/><\/a>\u00a0), most m\u00e1r \u0151 is OKOSODIK......... H\u0171\u0171\u0171ha! :D\u00a0<\/p>\r\n<p>Az eg\u00e9sz olyan h\u00fclye helyzet, hogy ha azt hazudn\u00e1m neki, hogy kit\u00f6r\u00f6ltem az \u00e9vfordul\u00f3t, akkor azt elhinn\u00e9, de mivel az igazat mondom, nem hiszi.<em> Hapsik\u00e1m, rendezd el a saj\u00e1t fejedben.<\/em><\/p>\r\n<p>Ma reggel, ahogy elment dolgozni, ir\u00e1ny a FB... \u00c9s NINCS KIT\u00d6R\u00d6LVE. Minden adat ott van, annyi, hogy csak az ismer\u0151seim sz\u00e1m\u00e1ra l\u00e1that\u00f3. ... \u00c9rteleme a veszeked\u00e9snek? Nincs. K\u00f6vetkezm\u00e9nye: Lett.<\/p>\r\n<p>L\u00e1nyom bent zokogott a szob\u00e1ban, fiam vigasztalgatta (kicsi a nagyot), mert k\u00f6zben \u0151 is elp\u00f6rk\u00f6lt ink\u00e1bb a szob\u00e1jukba -akkor vettem \u00e9szre, hogy itt volt. H\u00e1t j\u00f3kat hallott. Bementem \u00e9n is, vigasztalom, k\u00f6nnyei hullanak mint a z\u00e1pores\u0151, erre j\u00f6n F.<\/p>\r\n<p>-Na mi ez a nagy picsog\u00e1s?<\/p>\r\n<p>-L\u00e9gyszi hagyj\u00e1l benn\u00fcnket, l\u00e1tod mi lett?\u00a0<\/p>\r\n<p>Erre fogta mag\u00e1t, le\u00fclt a k\u00e1lyha sz\u00e9l\u00e9re, egy poh\u00e1r k\u00f3la a kez\u00e9ben, b\u00f6f\u00f6g\u00f6tt egyet \u00e9s azt mondta:<\/p>\r\n<p>-K\u00e9rdezz\u00e9tek meg any\u00e1tokt\u00f3l mi\u00e9rt t\u00f6r\u00f6lte ki, hogy a f\u00e9rje vagyok.<\/p>\r\n<p>-Na ebb\u0151l el\u00e9g! Kifel\u00e9!!<\/p>\r\n<p>-Te nekem ne mondd meg, hogy mit csin\u00e1ljak.<\/p>\r\n<p>L\u00e1nyka m\u00e9g jobban sir.<\/p>\r\n<p>-Te norm\u00e1lis vagy?? Gyer\u00fcnk ki, ha engem akarsz szivatni, hagyd a gyerekeket!!!!<\/p>\r\n<p>\u00c9s elkezdtem tolni \u0151t kifel\u00e9. (lenyelve minden undoromat att\u00f3l, hogy hozz\u00e1\u00e9rjek..megint f\u00e9lmeztelen volt \u00e9s izzadt\u00a0<a href=\"https:\/\/ezazeletem.cafeblog.hu\/files\/2015\/08\/let\u00f6lt\u00e9s2.jpg\"><img class=\"alignnone  wp-image-167\" src=\"https:\/\/ezazeletem.cafeblog.hu\/files\/2015\/08\/let\u00f6lt\u00e9s2.jpg\" alt=\"let\u00f6lt\u00e9s\" width=\"26\" height=\"26\" \/><\/a>\u00a0)<\/p>\r\n<p>-NE VEREKEDJ!!! -kiab\u00e1lta....<\/p>\r\n<p>Jaaaj ..... Gyerekek el\u0151tt megy a duma.. any\u00e1tok ver engem, amikor csak sim\u00e1n toltam ki a szob\u00e1b\u00f3l...<\/p>\r\n<p style=\"text-align: center\">* * *\u00a0<\/p>\r\n<p>\u00c9ppen ez a veszeked\u00e9s el\u0151tt voltunk s\u00e9t\u00e1lni l\u00e1nyommal. Megint megk\u00e9rdezte..<\/p>\r\n<p>-Anya, m\u00e9g mindig 90%, hogy elv\u00e1ltok?<\/p>\r\n<p>-Igen.<\/p>\r\n<p>-\u00c9s mikor fog ez t\u00f6bb sz\u00e1zal\u00e9k lenni?<\/p>\r\n<p>-Amint lesz munk\u00e1m.<\/p>\r\n<p>-Akkor mennyi lesz?<\/p>\r\n<p>-95%.<\/p>\r\n<p>-T\u00e9\u00e9nyleg? -k\u00e9rdezte, hihetetlen de kicsit mintha v\u00e1rn\u00e1??? Lehets\u00e9ges? Emigy meg azon pityergett szeg\u00e9nyke, szint\u00e9n \u00e9ppen tegnap, hogy mi lesz kar\u00e1csonykor? Milyen lesz a kar\u00e1csony?<\/p>\r\n<p>\u0150szint\u00e9n? Szivem szerint MOST R\u00d6GT\u00d6N \u00a0elmenn\u00e9k itthonr\u00f3l. De nem tehetem,nincs hova... \u0150szint\u00e9n? Kar\u00e1csonykor szeretn\u00e9k m\u00e1r k\u00fcl\u00f6n lenni. Mindenf\u00e9lek\u00e9pp \u00e9let\u00fcnk legszarabb kar\u00e1csonya lesz. Hozz\u00e1nk j\u00f6n a nagy csal\u00e1d... Nekem kell el\u0151tte 3 napig meg ut\u00e1na 3 napig glancolni a h\u00e1zat. Any\u00f3s\u00e9k, s\u00f3gor\u00e9k..N\u00e1lunk van a legt\u00f6bb hely... Ha addig nem \u0151r\u00fcl\u00f6k meg, na majd akkor fogok.<\/p>\r\n<p style=\"text-align: center\">\u00a0<\/p>\r\n<p>&nbsp;<\/p>\r\n<p>&nbsp;<\/p>\r\n<p>&nbsp;<\/p>\r\n<p>&nbsp;<\/p>\r\n<p>&nbsp;<\/p>\r\n<p>&nbsp;<\/p>","type":"rich","thumbnail_url":"https:\/\/ezazeletem.cafeblog.hu\/files\/2015\/08\/images-1-e1438676050862-150x150.jpg","thumbnail_width":150,"thumbnail_height":150}